{"id":8212,"date":"2025-03-16T17:30:52","date_gmt":"2025-03-16T16:30:52","guid":{"rendered":"https:\/\/lpkamrat.se\/wordpress\/?page_id=8212"},"modified":"2025-06-02T19:27:48","modified_gmt":"2025-06-02T17:27:48","slug":"samverkan-och-medlemskap","status":"publish","type":"page","link":"https:\/\/lpkamrat.se\/wordpress\/samverkan-och-medlemskap\/","title":{"rendered":"Samverkan och Medlemskap"},"content":{"rendered":"\t\t<div data-elementor-type=\"wp-page\" data-elementor-id=\"8212\" class=\"elementor elementor-8212\" data-elementor-post-type=\"page\">\n\t\t\t\t<div class=\"elementor-element elementor-element-ef180f5 e-flex e-con-boxed e-con e-parent\" data-id=\"ef180f5\" data-element_type=\"container\" data-e-type=\"container\">\n\t\t\t\t\t<div class=\"e-con-inner\">\n\t\t\t\t<div class=\"elementor-element elementor-element-7062e87 elementor-widget elementor-widget-spacer\" data-id=\"7062e87\" data-element_type=\"widget\" data-e-type=\"widget\" data-widget_type=\"spacer.default\">\n\t\t\t\t<div class=\"elementor-widget-container\">\n\t\t\t\t\t\t\t<div class=\"elementor-spacer\">\n\t\t\t<div class=\"elementor-spacer-inner\"><\/div>\n\t\t<\/div>\n\t\t\t\t\t\t<\/div>\n\t\t\t\t<\/div>\n\t\t\t\t<div class=\"elementor-element elementor-element-613034f elementor-widget elementor-widget-heading\" data-id=\"613034f\" data-element_type=\"widget\" data-e-type=\"widget\" data-widget_type=\"heading.default\">\n\t\t\t\t<div class=\"elementor-widget-container\">\n\t\t\t\t\t<h2 class=\"elementor-heading-title elementor-size-default\">Samverkan<\/h2>\t\t\t\t<\/div>\n\t\t\t\t<\/div>\n\t\t\t\t\t<\/div>\n\t\t\t\t<\/div>\n\t\t<div class=\"elementor-element elementor-element-c566724 e-flex e-con-boxed e-con e-parent\" data-id=\"c566724\" data-element_type=\"container\" data-e-type=\"container\">\n\t\t\t\t\t<div class=\"e-con-inner\">\n\t\t\t\t<div class=\"elementor-element elementor-element-cc5ae2c elementor-widget__width-initial elementor-widget-tablet__width-initial elementor-widget-mobile__width-initial elementor-widget elementor-widget-image\" data-id=\"cc5ae2c\" data-element_type=\"widget\" data-e-type=\"widget\" data-widget_type=\"image.default\">\n\t\t\t\t<div class=\"elementor-widget-container\">\n\t\t\t\t\t\t\t\t\t\t\t\t\t\t\t<img fetchpriority=\"high\" decoding=\"async\" width=\"1000\" height=\"442\" src=\"https:\/\/lpkamrat.se\/wordpress\/wp-content\/uploads\/2025\/05\/handshake.jpg\" class=\"attachment-full size-full wp-image-12156\" alt=\"\" srcset=\"https:\/\/lpkamrat.se\/wordpress\/wp-content\/uploads\/2025\/05\/handshake.jpg 1000w, https:\/\/lpkamrat.se\/wordpress\/wp-content\/uploads\/2025\/05\/handshake-300x133.jpg 300w, https:\/\/lpkamrat.se\/wordpress\/wp-content\/uploads\/2025\/05\/handshake-768x339.jpg 768w\" sizes=\"(max-width: 1000px) 100vw, 1000px\" \/>\t\t\t\t\t\t\t\t\t\t\t\t\t\t\t<\/div>\n\t\t\t\t<\/div>\n\t\t\t\t\t<\/div>\n\t\t\t\t<\/div>\n\t\t<div class=\"elementor-element elementor-element-b9a55de e-flex e-con-boxed e-con e-parent\" data-id=\"b9a55de\" data-element_type=\"container\" data-e-type=\"container\">\n\t\t\t\t\t<div class=\"e-con-inner\">\n\t\t\t\t<div class=\"elementor-element elementor-element-f648caf elementor-widget elementor-widget-spacer\" data-id=\"f648caf\" data-element_type=\"widget\" data-e-type=\"widget\" data-widget_type=\"spacer.default\">\n\t\t\t\t<div class=\"elementor-widget-container\">\n\t\t\t\t\t\t\t<div class=\"elementor-spacer\">\n\t\t\t<div class=\"elementor-spacer-inner\"><\/div>\n\t\t<\/div>\n\t\t\t\t\t\t<\/div>\n\t\t\t\t<\/div>\n\t\t\t\t\t<\/div>\n\t\t\t\t<\/div>\n\t\t<div class=\"elementor-element elementor-element-1ecc4e6 e-flex e-con-boxed e-con e-parent\" data-id=\"1ecc4e6\" data-element_type=\"container\" data-e-type=\"container\">\n\t\t\t\t\t<div class=\"e-con-inner\">\n\t\t\t\t<div class=\"elementor-element elementor-element-3c95a85 elementor-widget__width-initial e-transform elementor-widget-tablet__width-initial elementor-widget elementor-widget-text-editor\" data-id=\"3c95a85\" data-element_type=\"widget\" data-e-type=\"widget\" data-settings=\"{&quot;_transform_scale_effect&quot;:{&quot;unit&quot;:&quot;px&quot;,&quot;size&quot;:1,&quot;sizes&quot;:[]},&quot;_transform_scale_effect_tablet&quot;:{&quot;unit&quot;:&quot;px&quot;,&quot;size&quot;:&quot;&quot;,&quot;sizes&quot;:[]},&quot;_transform_scale_effect_mobile&quot;:{&quot;unit&quot;:&quot;px&quot;,&quot;size&quot;:&quot;&quot;,&quot;sizes&quot;:[]}}\" data-widget_type=\"text-editor.default\">\n\t\t\t\t<div class=\"elementor-widget-container\">\n\t\t\t\t\t\t\t\t\t<p><span style=\"font-size: large;\"><span style=\"font-family: Calibri, sans-serif;\">LP Kamrat l\u00e4gger stor vikt vid samverkan med olika akt\u00f6rer. Myndigheter, v\u00e5rd och socialtj\u00e4nst men ocks\u00e5 kyrkor, f\u00f6rsamlingar och id\u00e9burna organisationer inom alkohol- och narkotikaomr\u00e5det. Samverkan berikar och st\u00e4rker LP Kamrat och g\u00f6r ocks\u00e5 att vi n\u00e5r ut med v\u00e5ra insatser till fler.<\/span><\/span><\/p><p><span style=\"font-size: large;\"><span style=\"font-family: Calibri, sans-serif;\">LP Kamrat arbetar hela tiden med att vara n\u00e4rvarande och f\u00f6lja samh\u00e4llsdebatten inom de omr\u00e5den d\u00e4r vi verkar. Detta g\u00f6r vi bland annat genom medlemskap, samverkan och deltagande i olika paraplyorganisationer och deras arbete. <\/span><\/span><\/p>\t\t\t\t\t\t\t\t<\/div>\n\t\t\t\t<\/div>\n\t\t\t\t\t<\/div>\n\t\t\t\t<\/div>\n\t\t<div class=\"elementor-element elementor-element-53d6b87 e-flex e-con-boxed e-con e-parent\" data-id=\"53d6b87\" data-element_type=\"container\" data-e-type=\"container\">\n\t\t\t\t\t<div class=\"e-con-inner\">\n\t\t\t\t<div class=\"elementor-element elementor-element-3dfc8f0 elementor-widget elementor-widget-spacer\" data-id=\"3dfc8f0\" data-element_type=\"widget\" data-e-type=\"widget\" data-widget_type=\"spacer.default\">\n\t\t\t\t<div class=\"elementor-widget-container\">\n\t\t\t\t\t\t\t<div class=\"elementor-spacer\">\n\t\t\t<div class=\"elementor-spacer-inner\"><\/div>\n\t\t<\/div>\n\t\t\t\t\t\t<\/div>\n\t\t\t\t<\/div>\n\t\t\t\t\t<\/div>\n\t\t\t\t<\/div>\n\t\t<div class=\"elementor-element elementor-element-ca64238 e-grid e-con-full e-con e-parent\" data-id=\"ca64238\" data-element_type=\"container\" data-e-type=\"container\">\n\t\t\t\t<div class=\"elementor-element elementor-element-b35bf6a elementor-widget elementor-widget-image\" data-id=\"b35bf6a\" data-element_type=\"widget\" data-e-type=\"widget\" data-widget_type=\"image.default\">\n\t\t\t\t<div class=\"elementor-widget-container\">\n\t\t\t\t\t\t\t\t\t\t\t\t\t\t\t\t<a href=\"https:\/\/www.slan.se\/\" target=\"_blank\">\n\t\t\t\t\t\t\t<img decoding=\"async\" src=\"https:\/\/www.slan.se\/media\/2022\/02\/cropped-SLANlogotyp-1.png\" title=\"\" alt=\"\" loading=\"lazy\" \/>\t\t\t\t\t\t\t\t<\/a>\n\t\t\t\t\t\t\t\t\t\t\t\t\t\t\t<\/div>\n\t\t\t\t<\/div>\n\t\t\t\t<div class=\"elementor-element elementor-element-a84b64e elementor-widget__width-initial elementor-widget elementor-widget-text-editor\" data-id=\"a84b64e\" data-element_type=\"widget\" data-e-type=\"widget\" data-widget_type=\"text-editor.default\">\n\t\t\t\t<div class=\"elementor-widget-container\">\n\t\t\t\t\t\t\t\t\t<p><b>Sveriges Landsr\u00e5d f\u00f6r alkohol- och narkotikafr\u00e5gor, SLAN<\/b><\/p><p>SLAN \u00e4r en nationell sammanslutning av organisationer som verkar f\u00f6r en solidarisk och restriktiv alkoholpolitik samt f\u00f6r ett narkotikafritt samh\u00e4lle. LP Kamrat \u00e4r representerad i SLAN:s styrelse.<\/p>\t\t\t\t\t\t\t\t<\/div>\n\t\t\t\t<\/div>\n\t\t\t\t<div class=\"elementor-element elementor-element-ee0eb1e elementor-widget elementor-widget-image\" data-id=\"ee0eb1e\" data-element_type=\"widget\" data-e-type=\"widget\" data-widget_type=\"image.default\">\n\t\t\t\t<div class=\"elementor-widget-container\">\n\t\t\t\t\t\t\t\t\t\t\t\t\t\t\t\t<a href=\"https:\/\/www.can.se\/\" target=\"_blank\">\n\t\t\t\t\t\t\t<img decoding=\"async\" src=\"https:\/\/www.drogfokus.nu\/wp-content\/uploads\/2024\/03\/CAN-1.jpg\" title=\"\" alt=\"\" loading=\"lazy\" \/>\t\t\t\t\t\t\t\t<\/a>\n\t\t\t\t\t\t\t\t\t\t\t\t\t\t\t<\/div>\n\t\t\t\t<\/div>\n\t\t\t\t<div class=\"elementor-element elementor-element-9f9b290 elementor-widget elementor-widget-text-editor\" data-id=\"9f9b290\" data-element_type=\"widget\" data-e-type=\"widget\" data-widget_type=\"text-editor.default\">\n\t\t\t\t<div class=\"elementor-widget-container\">\n\t\t\t\t\t\t\t\t\t<p><b>Centralf\u00f6rbundet f\u00f6r alkohol- och narkotikaupplysning. <\/b><\/p><p>CAN \u00e4r ett nationellt kompetenscentrum inom ANDT-omr\u00e5det.<\/p>\t\t\t\t\t\t\t\t<\/div>\n\t\t\t\t<\/div>\n\t\t\t\t<div class=\"elementor-element elementor-element-57ef5e0 elementor-widget elementor-widget-image\" data-id=\"57ef5e0\" data-element_type=\"widget\" data-e-type=\"widget\" data-widget_type=\"image.default\">\n\t\t\t\t<div class=\"elementor-widget-container\">\n\t\t\t\t\t\t\t\t\t\t\t\t\t\t\t\t<a href=\"https:\/\/narkotikapolitisktcenter.se\/\" target=\"_blank\">\n\t\t\t\t\t\t\t<img decoding=\"async\" src=\"https:\/\/narkotikapolitisktcenter.se\/wp-content\/uploads\/2024\/03\/npc_bla.png\" title=\"\" alt=\"\" loading=\"lazy\" \/>\t\t\t\t\t\t\t\t<\/a>\n\t\t\t\t\t\t\t\t\t\t\t\t\t\t\t<\/div>\n\t\t\t\t<\/div>\n\t\t\t\t<div class=\"elementor-element elementor-element-5006252 elementor-widget elementor-widget-text-editor\" data-id=\"5006252\" data-element_type=\"widget\" data-e-type=\"widget\" data-widget_type=\"text-editor.default\">\n\t\t\t\t<div class=\"elementor-widget-container\">\n\t\t\t\t\t\t\t\t\t<p><b>Narkotikapolitiskt Center, NPC.<\/b><\/p><p>NPC \u00e4r ett n\u00e4tverk med en rad organisationer som har i uppdrag att genom analys, debatt och folkbildning bidra till en human, restriktiv narkotikapolitik. LP Kamrat finns representerad i styrgruppen f\u00f6r NPC.<\/p>\t\t\t\t\t\t\t\t<\/div>\n\t\t\t\t<\/div>\n\t\t\t\t<div class=\"elementor-element elementor-element-1f73413 elementor-widget elementor-widget-image\" data-id=\"1f73413\" data-element_type=\"widget\" data-e-type=\"widget\" data-widget_type=\"image.default\">\n\t\t\t\t<div class=\"elementor-widget-container\">\n\t\t\t\t\t\t\t\t\t\t\t\t\t\t\t\t<a href=\"https:\/\/socialforum.se\/\" target=\"_blank\">\n\t\t\t\t\t\t\t<img decoding=\"async\" src=\"https:\/\/socialforum.se\/wp-content\/uploads\/2021\/06\/forum-3.png\" title=\"\" alt=\"\" loading=\"lazy\" \/>\t\t\t\t\t\t\t\t<\/a>\n\t\t\t\t\t\t\t\t\t\t\t\t\t\t\t<\/div>\n\t\t\t\t<\/div>\n\t\t\t\t<div class=\"elementor-element elementor-element-0cae8a7 elementor-widget elementor-widget-text-editor\" data-id=\"0cae8a7\" data-element_type=\"widget\" data-e-type=\"widget\" data-widget_type=\"text-editor.default\">\n\t\t\t\t<div class=\"elementor-widget-container\">\n\t\t\t\t\t\t\t\t\t<p><b>Forum \u2013 id\u00e9burna organisationer med social inriktning.<\/b><\/p><p>Forum arbetar f\u00f6r ett fritt och sj\u00e4lvst\u00e4ndigt civilsamh\u00e4lle som har ett naturligt utrymme att verka i samh\u00e4llet.<\/p>\t\t\t\t\t\t\t\t<\/div>\n\t\t\t\t<\/div>\n\t\t\t\t<div class=\"elementor-element elementor-element-60a1c4b elementor-widget elementor-widget-image\" data-id=\"60a1c4b\" data-element_type=\"widget\" data-e-type=\"widget\" data-widget_type=\"image.default\">\n\t\t\t\t<div class=\"elementor-widget-container\">\n\t\t\t\t\t\t\t\t\t\t\t\t\t\t\t\t<a href=\"https:\/\/wfad.se\/\" target=\"_blank\">\n\t\t\t\t\t\t\t<img decoding=\"async\" src=\"https:\/\/wfad.se\/wp-content\/uploads\/2020\/06\/WFAD_LOGO_256.jpg\" title=\"\" alt=\"\" loading=\"lazy\" \/>\t\t\t\t\t\t\t\t<\/a>\n\t\t\t\t\t\t\t\t\t\t\t\t\t\t\t<\/div>\n\t\t\t\t<\/div>\n\t\t\t\t<div class=\"elementor-element elementor-element-2cb1cf8 elementor-widget elementor-widget-text-editor\" data-id=\"2cb1cf8\" data-element_type=\"widget\" data-e-type=\"widget\" data-widget_type=\"text-editor.default\">\n\t\t\t\t<div class=\"elementor-widget-container\">\n\t\t\t\t\t\t\t\t\t<p><b>World Federation Against Drugs, WFAD<\/b><\/p><p>WFAD \u00e4r en internationell gemenskap av organisationer och individer.\u00a0 <br \/>WFAD grundades 2009 och syftar till att st\u00e4rka f\u00f6rebyggande arbete och \u00f6ka tillg\u00e5ngen till behandling.<\/p>\t\t\t\t\t\t\t\t<\/div>\n\t\t\t\t<\/div>\n\t\t\t\t<\/div>\n\t\t<div class=\"elementor-element elementor-element-a0b25b4 e-flex e-con-boxed e-con e-parent\" data-id=\"a0b25b4\" data-element_type=\"container\" data-e-type=\"container\">\n\t\t\t\t\t<div class=\"e-con-inner\">\n\t\t<div class=\"elementor-element elementor-element-f3a4c2a e-grid e-con-full e-con e-child\" data-id=\"f3a4c2a\" data-element_type=\"container\" data-e-type=\"container\">\n\t\t\t\t<div class=\"elementor-element elementor-element-f5b2484 elementor-widget elementor-widget-image\" data-id=\"f5b2484\" data-element_type=\"widget\" data-e-type=\"widget\" data-widget_type=\"image.default\">\n\t\t\t\t<div class=\"elementor-widget-container\">\n\t\t\t\t\t\t\t\t\t\t\t\t\t\t\t\t<a href=\"https:\/\/www.folkhalsomyndigheten.se\/\" target=\"_blank\">\n\t\t\t\t\t\t\t<img decoding=\"async\" width=\"250\" height=\"167\" src=\"https:\/\/lpkamrat.se\/wordpress\/wp-content\/uploads\/2025\/04\/Folkhalsomyndigheten.png\" class=\"attachment-large size-large wp-image-11320\" alt=\"\" \/>\t\t\t\t\t\t\t\t<\/a>\n\t\t\t\t\t\t\t\t\t\t\t\t\t\t\t<\/div>\n\t\t\t\t<\/div>\n\t\t\t\t<div class=\"elementor-element elementor-element-1ab4da9 elementor-widget elementor-widget-text-editor\" data-id=\"1ab4da9\" data-element_type=\"widget\" data-e-type=\"widget\" data-widget_type=\"text-editor.default\">\n\t\t\t\t<div class=\"elementor-widget-container\">\n\t\t\t\t\t\t\t\t\t<p><span style=\"font-size: large;\"><span style=\"font-family: Calibri, sans-serif;\">N\u00e4tverket f\u00f6r samverkan mellan ideella organisationer p\u00e5 ANDTS-omr\u00e5det och Folkh\u00e4lsomyndigheten.<\/span><\/span><\/p>\t\t\t\t\t\t\t\t<\/div>\n\t\t\t\t<\/div>\n\t\t\t\t<\/div>\n\t\t\t\t<div class=\"elementor-element elementor-element-c736d8b elementor-widget elementor-widget-spacer\" data-id=\"c736d8b\" data-element_type=\"widget\" data-e-type=\"widget\" data-widget_type=\"spacer.default\">\n\t\t\t\t<div class=\"elementor-widget-container\">\n\t\t\t\t\t\t\t<div class=\"elementor-spacer\">\n\t\t\t<div class=\"elementor-spacer-inner\"><\/div>\n\t\t<\/div>\n\t\t\t\t\t\t<\/div>\n\t\t\t\t<\/div>\n\t\t<div class=\"elementor-element elementor-element-fbedc8b e-grid e-con-full e-con e-child\" data-id=\"fbedc8b\" data-element_type=\"container\" data-e-type=\"container\">\n\t\t\t\t<div class=\"elementor-element elementor-element-337137e elementor-widget elementor-widget-image\" data-id=\"337137e\" data-element_type=\"widget\" data-e-type=\"widget\" data-widget_type=\"image.default\">\n\t\t\t\t<div class=\"elementor-widget-container\">\n\t\t\t\t\t\t\t\t\t\t\t\t\t\t\t\t<a href=\"https:\/\/www.arbetsgivaralliansen.se\/\" target=\"_blank\">\n\t\t\t\t\t\t\t<img decoding=\"async\" width=\"271\" height=\"111\" src=\"https:\/\/lpkamrat.se\/wordpress\/wp-content\/uploads\/2025\/05\/arbetsaliansen.jpg\" class=\"attachment-full size-full wp-image-13088\" alt=\"\" \/>\t\t\t\t\t\t\t\t<\/a>\n\t\t\t\t\t\t\t\t\t\t\t\t\t\t\t<\/div>\n\t\t\t\t<\/div>\n\t\t\t\t<div class=\"elementor-element elementor-element-36d244e elementor-widget elementor-widget-text-editor\" data-id=\"36d244e\" data-element_type=\"widget\" data-e-type=\"widget\" data-widget_type=\"text-editor.default\">\n\t\t\t\t<div class=\"elementor-widget-container\">\n\t\t\t\t\t\t\t\t\t<p><span style=\"font-family: Times New Roman, serif;\"><span style=\"font-size: medium;\"><span style=\"font-family: Calibri, sans-serif;\"><span style=\"font-size: large;\">En frist\u00e5ende arbetsgivarorganisation f\u00f6r ideella och id\u00e9burna organisationer. <br \/><\/span><\/span><\/span><\/span><span style=\"font-family: Times New Roman, serif;\"><span style=\"font-size: medium;\"><span style=\"font-family: Calibri, sans-serif;\"><span style=\"font-size: large;\">LP Kamrat \u00e4r medlem och finns representerad i branschkommitt\u00e9n f\u00f6r V\u00e5rd och Omsorg.<\/span><\/span><\/span><\/span><\/p>\t\t\t\t\t\t\t\t<\/div>\n\t\t\t\t<\/div>\n\t\t\t\t<\/div>\n\t\t\t\t\t<\/div>\n\t\t\t\t<\/div>\n\t\t<div class=\"elementor-element elementor-element-ef7feff e-flex e-con-boxed e-con e-parent\" data-id=\"ef7feff\" data-element_type=\"container\" data-e-type=\"container\">\n\t\t\t\t\t<div class=\"e-con-inner\">\n\t\t\t\t<div class=\"elementor-element elementor-element-85db561 elementor-widget elementor-widget-spacer\" data-id=\"85db561\" data-element_type=\"widget\" data-e-type=\"widget\" data-widget_type=\"spacer.default\">\n\t\t\t\t<div class=\"elementor-widget-container\">\n\t\t\t\t\t\t\t<div class=\"elementor-spacer\">\n\t\t\t<div class=\"elementor-spacer-inner\"><\/div>\n\t\t<\/div>\n\t\t\t\t\t\t<\/div>\n\t\t\t\t<\/div>\n\t\t\t\t\t<\/div>\n\t\t\t\t<\/div>\n\t\t<div class=\"elementor-element elementor-element-52f7310 e-flex e-con-boxed e-con e-parent\" data-id=\"52f7310\" data-element_type=\"container\" data-e-type=\"container\">\n\t\t\t\t\t<div class=\"e-con-inner\">\n\t\t\t\t<div class=\"elementor-element elementor-element-7fd68d8 elementor-widget elementor-widget-text-editor\" data-id=\"7fd68d8\" data-element_type=\"widget\" data-e-type=\"widget\" data-widget_type=\"text-editor.default\">\n\t\t\t\t<div class=\"elementor-widget-container\">\n\t\t\t\t\t\t\t\t\t<h4><strong>Den lokala LP Kamratgruppen har samverkan med andra akt\u00f6rer i lokalsamh\u00e4llet.<\/strong><\/h4>\t\t\t\t\t\t\t\t<\/div>\n\t\t\t\t<\/div>\n\t\t\t\t\t<\/div>\n\t\t\t\t<\/div>\n\t\t<div class=\"elementor-element elementor-element-f963d03 e-flex e-con-boxed e-con e-parent\" data-id=\"f963d03\" data-element_type=\"container\" data-e-type=\"container\">\n\t\t\t\t\t<div class=\"e-con-inner\">\n\t\t\t\t<div class=\"elementor-element elementor-element-886346b elementor-widget elementor-widget-spacer\" data-id=\"886346b\" data-element_type=\"widget\" data-e-type=\"widget\" data-widget_type=\"spacer.default\">\n\t\t\t\t<div class=\"elementor-widget-container\">\n\t\t\t\t\t\t\t<div class=\"elementor-spacer\">\n\t\t\t<div class=\"elementor-spacer-inner\"><\/div>\n\t\t<\/div>\n\t\t\t\t\t\t<\/div>\n\t\t\t\t<\/div>\n\t\t\t\t\t<\/div>\n\t\t\t\t<\/div>\n\t\t\t\t<\/div>\n\t\t","protected":false},"excerpt":{"rendered":"<p>Samverkan LP Kamrat l\u00e4gger stor vikt vid samverkan med olika akt\u00f6rer. Myndigheter, v\u00e5rd och socialtj\u00e4nst men ocks\u00e5 kyrkor, f\u00f6rsamlingar och id\u00e9burna organisationer inom alkohol- och narkotikaomr\u00e5det. Samverkan berikar och st\u00e4rker LP Kamrat och g\u00f6r ocks\u00e5 att vi n\u00e5r ut med v\u00e5ra insatser till fler. LP Kamrat arbetar hela tiden med att vara n\u00e4rvarande och f\u00f6lja&hellip;<\/p>\n","protected":false},"author":5,"featured_media":0,"parent":0,"menu_order":0,"comment_status":"closed","ping_status":"closed","template":"elementor_header_footer","meta":{"footnotes":""},"class_list":["post-8212","page","type-page","status-publish","hentry"],"aioseo_notices":[],"_links":{"self":[{"href":"https:\/\/lpkamrat.se\/wordpress\/wp-json\/wp\/v2\/pages\/8212","targetHints":{"allow":["GET"]}}],"collection":[{"href":"https:\/\/lpkamrat.se\/wordpress\/wp-json\/wp\/v2\/pages"}],"about":[{"href":"https:\/\/lpkamrat.se\/wordpress\/wp-json\/wp\/v2\/types\/page"}],"author":[{"embeddable":true,"href":"https:\/\/lpkamrat.se\/wordpress\/wp-json\/wp\/v2\/users\/5"}],"replies":[{"embeddable":true,"href":"https:\/\/lpkamrat.se\/wordpress\/wp-json\/wp\/v2\/comments?post=8212"}],"version-history":[{"count":0,"href":"https:\/\/lpkamrat.se\/wordpress\/wp-json\/wp\/v2\/pages\/8212\/revisions"}],"wp:attachment":[{"href":"https:\/\/lpkamrat.se\/wordpress\/wp-json\/wp\/v2\/media?parent=8212"}],"curies":[{"name":"wp","href":"https:\/\/api.w.org\/{rel}","templated":true}]}}