{"id":8012,"date":"2025-03-11T16:07:55","date_gmt":"2025-03-11T15:07:55","guid":{"rendered":"https:\/\/lpkamrat.se\/wordpress\/?page_id=8012"},"modified":"2025-10-19T13:50:34","modified_gmt":"2025-10-19T11:50:34","slug":"lp-kamrat-lpvkf","status":"publish","type":"page","link":"https:\/\/lpkamrat.se\/wordpress\/lp-kamrat-lpvkf\/","title":{"rendered":"Lp-Kamrat"},"content":{"rendered":"\t\t<div data-elementor-type=\"wp-page\" data-elementor-id=\"8012\" class=\"elementor elementor-8012\" data-elementor-post-type=\"page\">\n\t\t\t\t<div class=\"elementor-element elementor-element-40d7fe7 elementor-hidden-tablet elementor-hidden-mobile e-flex e-con-boxed e-con e-parent\" data-id=\"40d7fe7\" data-element_type=\"container\" data-e-type=\"container\">\n\t\t\t\t\t<div class=\"e-con-inner\">\n\t\t\t\t<div class=\"elementor-element elementor-element-51a25cc elementor-widget elementor-widget-image\" data-id=\"51a25cc\" data-element_type=\"widget\" data-e-type=\"widget\" data-widget_type=\"image.default\">\n\t\t\t\t<div class=\"elementor-widget-container\">\n\t\t\t\t\t\t\t\t\t\t\t\t\t\t\t<img fetchpriority=\"high\" decoding=\"async\" width=\"768\" height=\"419\" src=\"https:\/\/lpkamrat.se\/wordpress\/wp-content\/uploads\/2025\/03\/muren-2-768x419.jpg\" class=\"attachment-medium_large size-medium_large wp-image-9502\" alt=\"\" srcset=\"https:\/\/lpkamrat.se\/wordpress\/wp-content\/uploads\/2025\/03\/muren-2-768x419.jpg 768w, https:\/\/lpkamrat.se\/wordpress\/wp-content\/uploads\/2025\/03\/muren-2-300x164.jpg 300w, https:\/\/lpkamrat.se\/wordpress\/wp-content\/uploads\/2025\/03\/muren-2.jpg 884w\" sizes=\"(max-width: 768px) 100vw, 768px\" \/>\t\t\t\t\t\t\t\t\t\t\t\t\t\t\t<\/div>\n\t\t\t\t<\/div>\n\t\t\t\t\t<\/div>\n\t\t\t\t<\/div>\n\t\t<div class=\"elementor-element elementor-element-917b4c3 e-flex e-con-boxed e-con e-parent\" data-id=\"917b4c3\" data-element_type=\"container\" data-e-type=\"container\">\n\t\t\t\t\t<div class=\"e-con-inner\">\n\t\t\t\t<div class=\"elementor-element elementor-element-6248fbb elementor-hidden-desktop elementor-widget elementor-widget-image\" data-id=\"6248fbb\" data-element_type=\"widget\" data-e-type=\"widget\" data-widget_type=\"image.default\">\n\t\t\t\t<div class=\"elementor-widget-container\">\n\t\t\t\t\t\t\t\t\t\t\t\t\t\t\t<img decoding=\"async\" width=\"884\" height=\"482\" src=\"https:\/\/lpkamrat.se\/wordpress\/wp-content\/uploads\/2025\/03\/muren-2.jpg\" class=\"attachment-large size-large wp-image-9502\" alt=\"\" srcset=\"https:\/\/lpkamrat.se\/wordpress\/wp-content\/uploads\/2025\/03\/muren-2.jpg 884w, https:\/\/lpkamrat.se\/wordpress\/wp-content\/uploads\/2025\/03\/muren-2-300x164.jpg 300w, https:\/\/lpkamrat.se\/wordpress\/wp-content\/uploads\/2025\/03\/muren-2-768x419.jpg 768w\" sizes=\"(max-width: 884px) 100vw, 884px\" \/>\t\t\t\t\t\t\t\t\t\t\t\t\t\t\t<\/div>\n\t\t\t\t<\/div>\n\t\t\t\t\t<\/div>\n\t\t\t\t<\/div>\n\t\t<div class=\"elementor-element elementor-element-cbb1bdb elementor-hidden-tablet elementor-hidden-mobile e-flex e-con-boxed e-con e-parent\" data-id=\"cbb1bdb\" data-element_type=\"container\" data-e-type=\"container\">\n\t\t\t\t\t<div class=\"e-con-inner\">\n\t\t\t\t<div class=\"elementor-element elementor-element-a77c0a6 elementor-widget__width-initial elementor-widget elementor-widget-text-editor\" data-id=\"a77c0a6\" data-element_type=\"widget\" data-e-type=\"widget\" data-widget_type=\"text-editor.default\">\n\t\t\t\t<div class=\"elementor-widget-container\">\n\t\t\t\t\t\t\t\t\t<pre class=\"western\"><span style=\"font-size: large;\"><span style=\"font-family: Calibri, sans-serif;\"><b>LP-v\u00e4nnernas Kamratf\u00f6rening<\/b><\/span><\/span><\/pre><pre class=\"western\"><span style=\"font-size: large;\"><span style=\"color: #040a19;\"><span style=\"font-family: Calibri, sans-serif;\">LP-v\u00e4nnernas Kamratf\u00f6rening, LP Kamrat, \u00e4r en allm\u00e4nnyttig ideell f\u00f6rening som bildades 2006 med syfte att utifr\u00e5n en kristen v\u00e4rdegrund vara en kamratst\u00f6djande gemenskap f\u00f6r personer med social problematik av olika slag och deras anh\u00f6riga. Medlem i f\u00f6reningen eller som deltagare i aktiviteter ska ha som m\u00e5ls\u00e4ttning att leva utan droger.<\/span><\/span><\/span>\n<\/pre><p class=\"western\"><strong><span style=\"font-family: Calibri, sans-serif;\"><span style=\"font-size: large;\"><br \/>Syfte och M\u00e5ls\u00e4ttning<\/span><\/span><\/strong><\/p><p class=\"western\"><strong><span style=\"font-family: Calibri, sans-serif;\"><span style=\"font-size: large;\">M\u00e5ls\u00e4ttning f\u00f6r LP- Kamrat \u00e4r att skapa sammanhang d\u00e4r personer i behov av insatser f\u00e5r m\u00f6jlighet att leva, v\u00e4xa och utvecklas med st\u00f6d av andra, genom att:<\/span><\/span><\/strong><\/p><ul><li><p class=\"western\"><span style=\"font-family: Calibri, sans-serif;\"><span style=\"font-size: large;\">Erbjuda psykosocialt st\u00f6d i olika former s\u00e5som gemenskap, l\u00e4ger, utflykter, gemenskap vid stora helger samt anordna tr\u00e4ffar f\u00f6r grupper med olika intresseinriktningar.<\/span><\/span><\/p><\/li><li><p class=\"western\"><span style=\"font-family: Calibri, sans-serif;\"><span style=\"font-size: large;\">Erbjuda olika boendel\u00f6sningar f\u00f6r personer i social utsatthet.<\/span><\/span><\/p><\/li><li><p class=\"western\"><span style=\"font-family: Calibri, sans-serif;\"><span style=\"font-size: large;\">St\u00e4rka m\u00f6jligheter till syssels\u00e4ttning f\u00f6r m\u00e5lgruppen<\/span><\/span><\/p><\/li><li><p class=\"western\"><span style=\"font-family: Calibri, sans-serif;\"><span style=\"font-size: large;\">St\u00e4rka lokala avdelningar inom LP Kamrat till att, utifr\u00e5n sina lokala f\u00f6ruts\u00e4ttningar och behov, utveckla verksamheten. <\/span><\/span><\/p><\/li><li><p class=\"western\"><span style=\"font-family: Calibri, sans-serif;\"><span style=\"font-size: large;\">Kontinuerligt arbeta med metodutveckling inom olika omr\u00e5den s\u00e5som boendeformer och st\u00f6d till s\u00e4rskilda grupper.\u00a0<\/span><\/span><\/p><\/li><li><p class=\"western\"><span style=\"font-family: Calibri, sans-serif;\"><span style=\"font-size: large;\">Samverka med andra organisationer, kyrkor och myndigheter.<\/span><\/span><\/p><\/li><li><p class=\"western\"><span style=\"font-family: Calibri, sans-serif;\"><span style=\"font-size: large;\">Arbeta drogf\u00f6rebyggande och aktivt delta i samh\u00e4llsdebatten g\u00e4llande sociala fr\u00e5gor. <\/span><\/span><\/p><\/li><\/ul><p class=\"western\"><span style=\"font-size: large;\"><span style=\"font-family: Calibri, sans-serif;\"><b>V\u00e4rdegrund<\/b><\/span><\/span><\/p><ul><li><p class=\"western\"><span style=\"font-size: large;\"><span style=\"font-family: Calibri, sans-serif;\">Verksamheten arbetar utifr\u00e5n en kristen v\u00e4rdegrund. Centralt \u00e4r alla m\u00e4nniskors lika v\u00e4rde.<\/span><\/span><\/p><\/li><li><p class=\"western\"><span style=\"font-size: large;\"><span style=\"font-family: Calibri, sans-serif;\">Verksamhetens prim\u00e4ra drivkraft och m\u00e5l h\u00e4mtas ur dess v\u00e4rdegrund.<\/span><\/span><\/p><\/li><li><p class=\"western\"><span style=\"font-size: large;\"><span style=\"font-family: Calibri, sans-serif;\">Verksamheten \u00e4gs och\/eller drivs av personer ur m\u00e5lgrupperna.<\/span><\/span><\/p><\/li><li><p class=\"western\"><span style=\"font-size: large;\"><span style=\"font-family: Calibri, sans-serif;\">Verksamheten till\u00e4mpar \u00f6ppenhet vad g\u00e4ller ekonomi och verkar enligt demokratins id\u00e9er.<\/span><\/span><\/p><\/li><li><p class=\"western\"><span style=\"font-size: large;\"><span style=\"font-family: Calibri, sans-serif;\">Verksamhetens finansiella resurser och andra tillg\u00e5ngar \u00e4r medel, och inte ett m\u00e5l, f\u00f6r att f\u00f6rverkliga id\u00e9n.<\/span><\/span><\/p><\/li><li><p class=\"western\"><span style=\"font-size: large;\"><span style=\"font-family: Calibri, sans-serif;\">All vinst\/\u00f6verskott \u00e5terinvesteras i verksamheten.<\/span><\/span><\/p><\/li><\/ul><pre class=\"western\">\u00a0<\/pre><p class=\"western\"><span style=\"font-size: large;\"><span style=\"font-family: Calibri, sans-serif;\"><b>N\u00e4tverket LP Kamrat<\/b><\/span><\/span><\/p><p class=\"western\"><span style=\"font-size: large;\"><span style=\"font-family: Calibri, sans-serif;\">LP Kamrat \u00e4r, f\u00f6rutom den ideella f\u00f6reningen, ett n\u00e4tverk av olika verksamheter som bedrivs av kyrkor och organisationer som valt att ansluta till n\u00e4tverket. F\u00f6r n\u00e4rvarande finns LP Kamrat representerad p\u00e5 runt 15 platser \u00f6ver landet. Verksamheten p\u00e5 olika platser varierar i storlek och omfattning men alltid med uppdraget att p\u00e5 olika s\u00e4tt bist\u00e5 personer i utsatta livsf\u00f6rh\u00e5llanden. De insatser som n\u00e4tverket erbjuder \u00e4r i huvudsak psykosociala, kamratst\u00f6djande insatser, r\u00e5d och st\u00f6d samt olika boendeformer. <\/span><\/span><\/p><pre class=\"western\"><span style=\"font-size: large;\"><span style=\"color: #040a19;\"><span style=\"font-family: Calibri, sans-serif;\">Andra viktiga uppgifter f\u00f6r LP Kamrat \u00e4r att uppmuntra medlemmar och andra som f\u00f6reningen v\u00e4nder sig till att h\u00e5lla kontakt med varandra. Vara aktiva p\u00e5 sociala medier, s\u00f6ka upp, uppmuntra och st\u00f6dja personer som g\u00e5r igenom sv\u00e5righeter av olika slag. <\/span><\/span><\/span>\n\n\n<span style=\"font-size: large;\"><span style=\"font-family: Calibri, sans-serif;\"><b>Verksamheter i N\u00e4tverket LP Kamrat<\/b><\/span><\/span>\n\n<span style=\"font-size: large;\"><span style=\"color: #040a19;\"><span style=\"font-family: Calibri, sans-serif;\"><b>LP Kamrat M\u00f6tesplats<\/b><\/span><\/span><span style=\"color: #040a19;\"><span style=\"font-family: Calibri, sans-serif;\"> - Lokala \u00f6ppna verksamheter som \u00e4r del av n\u00e4tverket. Verksamheterna har olika inriktning och omfattning.<\/span><\/span><\/span>\n\n<span style=\"font-size: large;\"><span style=\"color: #040a19;\"><span style=\"font-family: Calibri, sans-serif;\"><b>LP Kamrat Kvinna <\/b><\/span><\/span><span style=\"color: #040a19;\"><span style=\"font-family: Calibri, sans-serif;\">-<\/span><\/span><b> <\/b><span style=\"color: #040a19;\"><span style=\"font-family: Calibri, sans-serif;\">Verksamheter som v\u00e4nder sig till kvinnor, tr\u00e4ffar, gemenskap, olika former av st\u00f6d.<\/span><\/span><\/span>\n\n<span style=\"font-size: large;\"><span style=\"color: #040a19;\"><span style=\"font-family: Calibri, sans-serif;\"><b>LP Kamrat Unga<\/b><\/span><\/span><span style=\"color: #040a19;\"><span style=\"font-family: Calibri, sans-serif;\"> \u2013 Verksamheter som s\u00e4rskilt v\u00e4nder sig till unga med olika intressen, motor, foto och film, tr\u00e4ning.<\/span><\/span><\/span>\n\n<span style=\"font-size: large;\"><span style=\"color: #040a19;\"><span style=\"font-family: Calibri, sans-serif;\"><b>H\u00f6rnstenen<\/b><\/span><\/span><span style=\"color: #040a19;\"><span style=\"font-family: Calibri, sans-serif;\"> - St\u00f6d- och motivationsboenden.<\/span><\/span><\/span>\n\n<span style=\"font-size: large;\"><span style=\"color: #040a19;\"><span style=\"font-family: Calibri, sans-serif;\"><b>Oxford House<\/b><\/span><\/span><span style=\"color: #040a19;\"><span style=\"font-family: Calibri, sans-serif;\"> - en boendeform som LP Kamrat har licens fr\u00e5n organisationen i USA att driva i Sverige. <\/span><\/span><\/span>\n\n<span style=\"font-size: large;\"><span style=\"color: #040a19;\"><span style=\"font-family: Calibri, sans-serif;\"><b>LP Kamratgrupper<\/b><\/span><\/span><span style=\"color: #040a19;\"><span style=\"font-family: Calibri, sans-serif;\"> - mindre lokala grupper som m\u00f6ts med j\u00e4mna mellanrum och h\u00e5ller kontakt med varandra.<\/span><\/span><\/span>\n\n<span style=\"font-size: large;\"><span style=\"color: #040a19;\"><span style=\"font-family: Calibri, sans-serif;\"><b>Kontaktpunkter<\/b><\/span><\/span><span style=\"color: #040a19;\"><span style=\"font-family: Calibri, sans-serif;\"> - Verksamheter som drivs av en f\u00f6rsamling eller annan organisation men d\u00e4r LP Kamrat finns presenterad och representerad. En verksamhet d\u00e4r det finns personer som har uppdrag att vara representanter f\u00f6r LP Kamrat.<\/span><\/span><\/span>\n\n\n<\/pre><h2 class=\"western\"><span style=\"font-size: large;\"><span style=\"color: #000000;\"><span style=\"font-family: Calibri, sans-serif;\">LP Kamrat Kvinna<\/span><\/span><\/span><\/h2><p class=\"western\"><span style=\"font-size: large;\"><span style=\"font-family: Calibri, sans-serif;\">LP Kamrat \u00e4r till f\u00f6r alla. M\u00e4n, kvinnor, unga, gamla. Men ibland finns behov av att fokusera p\u00e5 s\u00e4rskilda grupper. LP Kamrat har hela tiden arbetat med kvinnotr\u00e4ffar och andra insatser som riktar sig till kvinnor. Den senaste tiden har det blivit alltmer tydligt att vi beh\u00f6ver g\u00f6ra mer f\u00f6r kvinnor. LP Kamrat Kvinna bildades d\u00e4rf\u00f6r f\u00f6r att samla och utveckla de insatser som g\u00f6rs f\u00f6r kvinnor. Det \u00e4r insatser som \u00e4r till f\u00f6r kvinnor som \u00e4r s\u00e4rskilt utsatta, kanske av v\u00e5ld och \u00f6vergrepp men det \u00e4r ocks\u00e5 gemenskap, samtal och aktiviteter f\u00f6r alla kvinnor.<\/span><\/span><\/p><p class=\"western\"><span style=\"font-size: large;\"><span style=\"font-family: Calibri, sans-serif;\">Inom LP kamrat \u00e4r det bara tillsammans vi kan utveckla och arbeta med nya initiativ. LP Kamrat Kvinna \u00e4r d\u00e4rf\u00f6r n\u00e5got vi g\u00f6r tillsammans. Vill du hj\u00e4lpa till? Kanske vill du starta n\u00e5got d\u00e4r du finns. Kanske ser du behovet av s\u00e4rskilt st\u00f6d f\u00f6r n\u00e5gon h\u00f6r d\u00e5 av dig.<\/span><\/span><\/p><p class=\"western\">\u00a0<\/p>\t\t\t\t\t\t\t\t<\/div>\n\t\t\t\t<\/div>\n\t\t\t\t\t<\/div>\n\t\t\t\t<\/div>\n\t\t<div class=\"elementor-element elementor-element-7b5bf3e e-flex e-con-boxed e-con e-parent\" data-id=\"7b5bf3e\" data-element_type=\"container\" data-e-type=\"container\">\n\t\t\t\t\t<div class=\"e-con-inner\">\n\t\t\t\t<div class=\"elementor-element elementor-element-3ab9464 elementor-hidden-desktop elementor-widget-mobile__width-initial elementor-widget elementor-widget-text-editor\" data-id=\"3ab9464\" data-element_type=\"widget\" data-e-type=\"widget\" data-widget_type=\"text-editor.default\">\n\t\t\t\t<div class=\"elementor-widget-container\">\n\t\t\t\t\t\t\t\t\t<p><span style=\"color: #4f81bd;\"><b><span style=\"color: #4f6228;\"><span style=\"font-family: Calibri, serif;\"><span style=\"font-size: large;\">LP-v\u00e4nnernas Kamratf\u00f6rening<\/span><\/span><\/span><\/b><\/span> <br \/><span style=\"font-family: Calibri, serif;\"><span style=\"font-size: medium;\">LP-v\u00e4nnernas Kamratf\u00f6rening, LP Kamrat, \u00e4r en ideell f\u00f6rening som bildades 2006 med syfte att utifr\u00e5n en kristen v\u00e4rdegrund vara en kamratst\u00f6djande gemenskap f\u00f6r personer med social problematik av olika slag och deras anh\u00f6riga. <br \/>Medlem i f\u00f6reningen eller som deltagare i aktiviteter ska ha som m\u00e5ls\u00e4ttning att leva utan droger.<\/span><\/span> <span style=\"font-family: Calibri, serif;\"><span style=\"font-size: medium;\">LP Kamrat finns representerad \u00f6ver landet men har sm\u00e5 ekonomiska resurser. Medlemmarna som p\u00e5 olika s\u00e4tt varit drabbade av alkohol och narkotika har ett stort engagemang f\u00f6r uppdraget att n\u00e5 ut med st\u00f6d och hj\u00e4lp. Det engagemanget \u00e4r centralt f\u00f6r att verksamheten ska kunna drivas vidare. <\/span><\/span><\/p><p><span style=\"font-family: Calibri, serif;\"><span style=\"font-size: medium;\">M\u00e5ls\u00e4ttning f\u00f6r LP Kamrat \u00e4r att skapa sammanhang d\u00e4r personer i behov av st\u00f6d f\u00e5r m\u00f6jlighet att leva, v\u00e4xa och utvecklas med hj\u00e4lp av andra. <\/span><\/span> <span style=\"font-family: Calibri, serif;\"><span style=\"font-size: medium;\">Exempel p\u00e5 aktiviteter \u00e4r gemenskapsdagar, utflykter, grupper f\u00f6r olika intressen s\u00e5som musik, matlagning mm, kvinnogrupper, s\u00e4rskilda insatser under storhelger, sommarl\u00e4ger samt olika former av boenden. <\/span><\/span> <span style=\"font-family: Calibri, serif;\"><span style=\"font-size: medium;\">Andra viktiga uppgifter f\u00f6r f\u00f6reningen \u00e4r att uppmuntra medlemmar att h\u00e5lla kontakt med varandra, vara aktiva p\u00e5 sociala medier, s\u00f6ka upp, uppmuntra och st\u00f6dja personer som g\u00e5r igenom sv\u00e5righeter av olika slag. <\/span><\/span><\/p><p><span style=\"color: #4f81bd;\"><span style=\"color: #000000;\"><span style=\"font-family: Calibri, serif;\"><span style=\"font-size: medium;\">Nu v\u00e4xer LP Kamrat. Verksamheter utvecklas och fler vill ansluta till n\u00e4tverket. Det finns ett behov av att presentera strukturen och definiera begreppen som anv\u00e4nds p\u00e5 olika s\u00e4tt i olika sammanhang. En verksamhetsskiss bifogas.<\/span><\/span><\/span><\/span><\/p><p><span style=\"color: #4f81bd;\"><b><span style=\"color: #4f6228;\"><span style=\"font-family: Calibri, serif;\"><span style=\"font-size: medium;\">Definitioner och begrepp<\/span><\/span><\/span><\/b><\/span> <em><span style=\"font-family: Calibri, serif;\">Inom LP-v\u00e4nnernas Kamratf\u00f6rening anv\u00e4nder vi oss av olika begrepp f\u00f6r att beskriva verksamheten. Samlingsnamn \u00e4r LP-v\u00e4nnernas Kamratf\u00f6rening eller LP Kamrat. Den ideella f\u00f6reningen har ett kansli i M\u00e4rsta. D\u00e4r hanteras de verksamheter som drivs av den ideella f\u00f6reningen, ekonomi, personalfr\u00e5gor, \u00f6vrig administration och bidragsans\u00f6kningar. LP Kamrats medlemsregister hanteras ocks\u00e5 av kansliet i M\u00e4rsta. Fr\u00e5n kansliet utg\u00e5r \u00e4ven samordningsfunktion och marknadsf\u00f6ringsinsatser. I \u00f6vrigt \u00e4r LP Kamrat ett n\u00e4rverk av olika verksamheter och samarbetsinitiativ. <\/span><\/em><\/p><p><span style=\"color: #4f81bd;\"><b><span style=\"color: #4f6228;\"><span style=\"font-family: Calibri, serif;\"><span style=\"font-size: medium;\">Verksamheter i n\u00e4tverket<\/span><\/span><\/span><\/b><\/span> <span style=\"font-family: Calibri, serif;\">Verksamheterna drivs av den ideella f\u00f6reningen eller \u00e4r p\u00e5 olika s\u00e4tt knutna till LP Kamrat och del av n\u00e4tverket.\u00b4<\/span><\/p><p><span style=\"font-family: Calibri, serif;\"><span style=\"font-size: medium;\"><b>H\u00f6rnstenen<\/b><\/span><\/span><span style=\"font-family: Calibri, serif;\"><span style=\"font-size: medium;\"> \u2013 st\u00f6d och motivationsboende som drivs av den ideella f\u00f6reningen. <\/span><\/span><\/p><p><span style=\"font-family: Calibri, serif;\"><span style=\"font-size: medium;\"><b>Oxford House<\/b><\/span><\/span><span style=\"font-family: Calibri, serif;\"><span style=\"font-size: medium;\"> \u2013 en boendeform som LP Kamrat har licens fr\u00e5n organisationen i USA att driva i Sverige. Verksamheten \u00e4r i sin linda.<\/span><\/span><\/p><p><span style=\"font-family: Calibri, serif;\"><span style=\"font-size: medium;\"><b>Mitt blir Ditt<\/b><\/span><\/span><span style=\"font-family: Calibri, serif;\"><span style=\"font-size: medium;\"> &#8211; en second handbutik p\u00e5 n\u00e4tet som drivs av LP Kamrat.<\/span><\/span><\/p><p><span style=\"font-family: Calibri, serif;\"><span style=\"font-size: medium;\"><b>LP Kamrat kontakter<\/b><\/span><\/span><span style=\"font-family: Calibri, serif;\"><span style=\"font-size: medium;\"> &#8211; g\u00e5r ibland under namnet ViR1, Vi \u00e4r ett. Lokala verksamheter som \u00e4r del av n\u00e4tverket. Verksamheterna har olika inriktning och omfattning. M\u00f6jlighet till st\u00f6d att starta och driva verksamhet kan erbjudas fr\u00e5n LP Kamrats kansli.<\/span><\/span><\/p><p><span style=\"font-family: Calibri, serif;\"><span style=\"font-size: medium;\"><b>LP Kamratgrupper<\/b><\/span><\/span><span style=\"font-family: Calibri, serif;\"><span style=\"font-size: medium;\"> &#8211; mindre lokala grupper som m\u00f6ts med j\u00e4mna mellanrum och h\u00e5ller kontakt med varandra.<\/span><\/span><\/p><p><span style=\"font-family: Calibri, serif;\"><span style=\"font-size: medium;\"><b>Kontaktpunkter<\/b><\/span><\/span><span style=\"font-family: Calibri, serif;\"><span style=\"font-size: medium;\"> &#8211; verksamheter d\u00e4r LP Kamrat har n\u00e5gon form av f\u00f6rankring. Verksamheter som drivs av en f\u00f6rsamling eller annan organisation men d\u00e4r LP Kamrats verksamhet finns presenterad och representerad. En verksamhet d\u00e4r det finns personer som har ett uppdrag att vara representant f\u00f6r LP Kamrat.<\/span><\/span><\/p>\t\t\t\t\t\t\t\t<\/div>\n\t\t\t\t<\/div>\n\t\t\t\t\t<\/div>\n\t\t\t\t<\/div>\n\t\t<div class=\"elementor-element elementor-element-15e5fac e-flex e-con-boxed e-con e-parent\" data-id=\"15e5fac\" data-element_type=\"container\" data-e-type=\"container\">\n\t\t\t\t\t<div class=\"e-con-inner\">\n\t\t\t\t<div class=\"elementor-element elementor-element-7553027 elementor-widget elementor-widget-spacer\" data-id=\"7553027\" data-element_type=\"widget\" data-e-type=\"widget\" data-widget_type=\"spacer.default\">\n\t\t\t\t<div class=\"elementor-widget-container\">\n\t\t\t\t\t\t\t<div class=\"elementor-spacer\">\n\t\t\t<div class=\"elementor-spacer-inner\"><\/div>\n\t\t<\/div>\n\t\t\t\t\t\t<\/div>\n\t\t\t\t<\/div>\n\t\t\t\t\t<\/div>\n\t\t\t\t<\/div>\n\t\t\t\t<\/div>\n\t\t","protected":false},"excerpt":{"rendered":"<p>LP-v\u00e4nnernas Kamratf\u00f6rening LP-v\u00e4nnernas Kamratf\u00f6rening, LP Kamrat, \u00e4r en allm\u00e4nnyttig ideell f\u00f6rening som bildades 2006 med syfte att utifr\u00e5n en kristen v\u00e4rdegrund vara en kamratst\u00f6djande gemenskap f\u00f6r personer med social problematik av olika slag och deras anh\u00f6riga. Medlem i f\u00f6reningen eller som deltagare i aktiviteter ska ha som m\u00e5ls\u00e4ttning att leva utan droger. Syfte och M\u00e5ls\u00e4ttning&hellip;<\/p>\n","protected":false},"author":5,"featured_media":8951,"parent":0,"menu_order":0,"comment_status":"closed","ping_status":"closed","template":"","meta":{"footnotes":""},"class_list":["post-8012","page","type-page","status-publish","has-post-thumbnail","hentry"],"aioseo_notices":[],"_links":{"self":[{"href":"https:\/\/lpkamrat.se\/wordpress\/wp-json\/wp\/v2\/pages\/8012","targetHints":{"allow":["GET"]}}],"collection":[{"href":"https:\/\/lpkamrat.se\/wordpress\/wp-json\/wp\/v2\/pages"}],"about":[{"href":"https:\/\/lpkamrat.se\/wordpress\/wp-json\/wp\/v2\/types\/page"}],"author":[{"embeddable":true,"href":"https:\/\/lpkamrat.se\/wordpress\/wp-json\/wp\/v2\/users\/5"}],"replies":[{"embeddable":true,"href":"https:\/\/lpkamrat.se\/wordpress\/wp-json\/wp\/v2\/comments?post=8012"}],"version-history":[{"count":0,"href":"https:\/\/lpkamrat.se\/wordpress\/wp-json\/wp\/v2\/pages\/8012\/revisions"}],"wp:featuredmedia":[{"embeddable":true,"href":"https:\/\/lpkamrat.se\/wordpress\/wp-json\/wp\/v2\/media\/8951"}],"wp:attachment":[{"href":"https:\/\/lpkamrat.se\/wordpress\/wp-json\/wp\/v2\/media?parent=8012"}],"curies":[{"name":"wp","href":"https:\/\/api.w.org\/{rel}","templated":true}]}}