{"id":7966,"date":"2025-03-10T16:24:37","date_gmt":"2025-03-10T15:24:37","guid":{"rendered":"https:\/\/lpkamrat.se\/wordpress\/?page_id=7966"},"modified":"2025-10-18T22:56:55","modified_gmt":"2025-10-18T20:56:55","slug":"nyhetsbrev-juli-2024","status":"publish","type":"page","link":"https:\/\/lpkamrat.se\/wordpress\/nyhetsbrev-juli-2024\/","title":{"rendered":"Nyhetsbrev Juli 2024"},"content":{"rendered":"\t\t<div data-elementor-type=\"wp-page\" data-elementor-id=\"7966\" class=\"elementor elementor-7966\" data-elementor-post-type=\"page\">\n\t\t\t\t<div class=\"elementor-element elementor-element-07e25d5 e-flex e-con-boxed e-con e-parent\" data-id=\"07e25d5\" data-element_type=\"container\" data-e-type=\"container\">\n\t\t\t\t\t<div class=\"e-con-inner\">\n\t\t\t\t<div class=\"elementor-element elementor-element-5adc0df elementor-widget elementor-widget-spacer\" data-id=\"5adc0df\" data-element_type=\"widget\" data-e-type=\"widget\" data-widget_type=\"spacer.default\">\n\t\t\t\t<div class=\"elementor-widget-container\">\n\t\t\t\t\t\t\t<div class=\"elementor-spacer\">\n\t\t\t<div class=\"elementor-spacer-inner\"><\/div>\n\t\t<\/div>\n\t\t\t\t\t\t<\/div>\n\t\t\t\t<\/div>\n\t\t\t\t<div class=\"elementor-element elementor-element-0ddcd77 elementor-widget elementor-widget-heading\" data-id=\"0ddcd77\" data-element_type=\"widget\" data-e-type=\"widget\" data-widget_type=\"heading.default\">\n\t\t\t\t<div class=\"elementor-widget-container\">\n\t\t\t\t\t<h2 class=\"elementor-heading-title elementor-size-default\">Juli 2024<\/h2>\t\t\t\t<\/div>\n\t\t\t\t<\/div>\n\t\t\t\t<div class=\"elementor-element elementor-element-7989d17 elementor-widget elementor-widget-spacer\" data-id=\"7989d17\" data-element_type=\"widget\" data-e-type=\"widget\" data-widget_type=\"spacer.default\">\n\t\t\t\t<div class=\"elementor-widget-container\">\n\t\t\t\t\t\t\t<div class=\"elementor-spacer\">\n\t\t\t<div class=\"elementor-spacer-inner\"><\/div>\n\t\t<\/div>\n\t\t\t\t\t\t<\/div>\n\t\t\t\t<\/div>\n\t\t\t\t<div class=\"elementor-element elementor-element-d648f51 elementor-widget__width-initial elementor-widget-tablet__width-initial elementor-widget-mobile__width-initial elementor-widget elementor-widget-text-editor\" data-id=\"d648f51\" data-element_type=\"widget\" data-e-type=\"widget\" data-widget_type=\"text-editor.default\">\n\t\t\t\t<div class=\"elementor-widget-container\">\n\t\t\t\t\t\t\t\t\t<p><b>Medlemsbrev<\/b><\/p><p>S\u00e5 h\u00e4r mitt i sommaren kommer en h\u00e4lsning till alla medlemmar i LP Kamrat. Vi \u00e4r mitt i en h\u00e4rlig tid av semester, familj och gemenskap men ocks\u00e5 en tid d\u00e5 m\u00e5nga k\u00e4nner av ensamhet och utanf\u00f6rskap.<\/p><p>M\u00e5nga organisationer och verksamheter har sommarst\u00e4ngt men hos oss i LP Kamrat forts\u00e4tter vi med insatser och aktiviteter.<\/p><p>Vi har precis avslutat v\u00e5rt sommarl\u00e4ger p\u00e5 Drakudden. N\u00e4r vi r\u00e4knade ihop deltagandet de olika dagarna s\u00e5 var det \u00f6ver 80 personer. Vi hade ocks\u00e5 en mycket aktiv ungdomsgrupp som arbetade stenh\u00e5rt i k\u00f6ket med att bland annat ta hand om kv\u00e4llsfikat och hj\u00e4lpa till med disken. Stort tack till dem f\u00f6r ett fantastisk fint arbete. Stort tack ocks\u00e5 till alla andra som gjorde detta l\u00e4ger m\u00f6jligt,<\/p><p>K\u00f6ksansvariga, musiker, st\u00e4dning ja alla som p\u00e5 olika s\u00e4tt var med och bidrog. Sista dagens kv\u00e4llsm\u00f6te med Simon \u00c5dahl var helt fullsatt med \u00f6ver 100 m\u00f6tesbes\u00f6kare. Det var ocks\u00e5 s\u00e5 roligt att Sonia Gillberg bes\u00f6kte oss och talade om pionj\u00e4rernas gl\u00f6d. N\u00e5got vi beh\u00f6ver p\u00e5minna oss om nu och i v\u00e5rt arbete fram\u00e5t. Tommie Sewon delade text och ton med oss p\u00e5 kv\u00e4llen s\u00e5 fantastisk fint.<\/p><p>Vi l\u00e4mnade l\u00e4gret med stor tacksamhet \u00f6ver denna m\u00f6jlighet att f\u00e5 m\u00f6tas och f\u00e5 ny kraft och inspiration. Och det b\u00e4sta av allt \u00e4r att det inte \u00e4r slut med detta. Vi har ju \u00e4nnu ett l\u00e4ger att se fram emot. I Gultebo under vecka 33. Vi \u00e4r \u00f6vertygade om att det blir precis lika h\u00e4rligt.<\/p><p><b><br \/>B\u00e4rarlag<\/b><\/p><p>Vi har tidigare skrivit om behovet av ett b\u00e4rarlag. Enskilda personer som \u00e4r med och bidrar p\u00e5 olika s\u00e4tt med volont\u00e4rinsatser, g\u00e5vor, b\u00f6n eller att sprida information om verksamheten. Under l\u00e4gret p\u00e5 Drakudden tog vi upp fr\u00e5gan i ett seminarium n\u00e4r vi samtalade om visioner fram\u00e5t. En av v\u00e5ra \u00e4ldre LP Kamratv\u00e4nner str\u00e4ckte genast upp handen och sa att han vill vara med och b\u00e4ra. Det var b\u00e5de gripande och ett bevis p\u00e5 att bara f\u00f6r att \u00e5ren g\u00e5r s\u00e5 \u00e4r inte uppdraget slut.<\/p><p>Vi beh\u00f6ver fler b\u00e4rare. Vill du vara med s\u00e5 h\u00f6r av dig till info@lp-kamrat.se och skriv \u201djag vill vara med och b\u00e4ra\u201d, s\u00e5 h\u00f6r vi av oss till dig.<\/p><p>Vi vill ocks\u00e5 passa p\u00e5 och informera om ett par gemensamma LP Kamratdagar i september.<\/p><ul><li>L\u00f6rdagen den 7 september m\u00f6ts vi f\u00f6r en b\u00f6nedag i LP Kamrats lokaler i Skultuna.<\/li><\/ul><ul><li>L\u00f6rdagen den 21 september \u00e4r en uppstartsdag d\u00e5 vi samlas kring arbetet och visioner fram\u00e5t.<\/li><\/ul><p>Mer information om dagarna kommer att skickas ut till er och annonseras p\u00e5 Facebook.<\/p><p>Nu \u00f6nskar vi er alla i LP Kamrat en fortsatt fin och h\u00e4rlig sommar.<\/p><p><strong>Kerstin Eriksson<\/strong><\/p>\t\t\t\t\t\t\t\t<\/div>\n\t\t\t\t<\/div>\n\t\t\t\t\t<\/div>\n\t\t\t\t<\/div>\n\t\t\t\t<\/div>\n\t\t","protected":false},"excerpt":{"rendered":"<p>Juli 2024 Medlemsbrev S\u00e5 h\u00e4r mitt i sommaren kommer en h\u00e4lsning till alla medlemmar i LP Kamrat. Vi \u00e4r mitt i en h\u00e4rlig tid av semester, familj och gemenskap men ocks\u00e5 en tid d\u00e5 m\u00e5nga k\u00e4nner av ensamhet och utanf\u00f6rskap. M\u00e5nga organisationer och verksamheter har sommarst\u00e4ngt men hos oss i LP Kamrat forts\u00e4tter vi med&hellip;<\/p>\n","protected":false},"author":5,"featured_media":0,"parent":0,"menu_order":0,"comment_status":"closed","ping_status":"closed","template":"","meta":{"footnotes":""},"class_list":["post-7966","page","type-page","status-publish","hentry"],"aioseo_notices":[],"_links":{"self":[{"href":"https:\/\/lpkamrat.se\/wordpress\/wp-json\/wp\/v2\/pages\/7966","targetHints":{"allow":["GET"]}}],"collection":[{"href":"https:\/\/lpkamrat.se\/wordpress\/wp-json\/wp\/v2\/pages"}],"about":[{"href":"https:\/\/lpkamrat.se\/wordpress\/wp-json\/wp\/v2\/types\/page"}],"author":[{"embeddable":true,"href":"https:\/\/lpkamrat.se\/wordpress\/wp-json\/wp\/v2\/users\/5"}],"replies":[{"embeddable":true,"href":"https:\/\/lpkamrat.se\/wordpress\/wp-json\/wp\/v2\/comments?post=7966"}],"version-history":[{"count":0,"href":"https:\/\/lpkamrat.se\/wordpress\/wp-json\/wp\/v2\/pages\/7966\/revisions"}],"wp:attachment":[{"href":"https:\/\/lpkamrat.se\/wordpress\/wp-json\/wp\/v2\/media?parent=7966"}],"curies":[{"name":"wp","href":"https:\/\/api.w.org\/{rel}","templated":true}]}}