{"id":13243,"date":"2025-05-11T17:57:15","date_gmt":"2025-05-11T15:57:15","guid":{"rendered":"https:\/\/lpkamrat.se\/wordpress\/?page_id=13243"},"modified":"2025-12-23T18:06:50","modified_gmt":"2025-12-23T17:06:50","slug":"forsta-motet-med-kjell","status":"publish","type":"page","link":"https:\/\/lpkamrat.se\/wordpress\/forsta-motet-med-kjell\/","title":{"rendered":"F\u00f6rsta m\u00f6tet med Kjell"},"content":{"rendered":"\t\t<div data-elementor-type=\"wp-page\" data-elementor-id=\"13243\" class=\"elementor elementor-13243\" data-elementor-post-type=\"page\">\n\t\t\t\t<div class=\"elementor-element elementor-element-ebc7e8b e-flex e-con-boxed e-con e-parent\" data-id=\"ebc7e8b\" data-element_type=\"container\" data-e-type=\"container\">\n\t\t\t\t\t<div class=\"e-con-inner\">\n\t\t\t\t<div class=\"elementor-element elementor-element-434fe457 elementor-widget__width-initial elementor-widget-mobile__width-initial elementor-widget elementor-widget-text-editor\" data-id=\"434fe457\" data-element_type=\"widget\" data-e-type=\"widget\" data-widget_type=\"text-editor.default\">\n\t\t\t\t<div class=\"elementor-widget-container\">\n\t\t\t\t\t\t\t\t\t\n<h3 style=\"text-align: left;\"><strong>Mitt f\u00f6rsta m\u00f6te med Kjell var ljudligt.<\/strong><\/h3>\n\n<p><br \/>Var \u00e4r den d\u00e4r.. halleluja pr\u00e4sten?<br \/>Ni skall ge.. i min tjej? Skrek han innan han hade hunnit innanf\u00f6r d\u00f6rren.<\/p>\n\n<p>Det var naturligtvis kryddat med s\u00e5 m\u00e5nga svordomar han kunde f\u00e5 ur sig p\u00e5 de korta meningarna.<\/p>\n\n<p>Hans tjej som han letade efter hos oss p\u00e5 LP Kamrat, \u201dM\u00f6tesplatsen\u201d som vi kallar v\u00e5r \u00f6ppna kontaktverksamhet, Varf\u00f6r s\u00f6kte han henne d\u00e4r?<\/p>\n\n<p>Hon hade g\u00e5tt hos oss n\u00e5gra g\u00e5nger men hennes entr\u00e9 var n\u00e4rmast ljudl\u00f6s. Hon kom ensam tillsammans med dem som bes\u00f6kte oss den morgonen. Fick kaffe och en sm\u00f6rg\u00e5s och satte sig l\u00e4ngst undan i lokalen. Signalerade tydligt att hon inte \u00f6nskade att prata med n\u00e5gon.<\/p>\n\n<p>Under flera veckor s\u00e5 kom hon sporadiskt och bes\u00f6kte oss. Det tog n\u00e5gra bes\u00f6k innan hon ens h\u00e4lsade och ber\u00e4ttade att hon heter Solveig eller Sollan som hon kallas. Det beh\u00f6vdes att man f\u00f6rst h\u00e4lsa p\u00e5 henne och fr\u00e5gade efter namnet.<\/p>\n\n<p>En av v\u00e5ra medarbetare, Lena, fick till slut kontakt med henne och kunde f\u00e5 i g\u00e5ng en relation. Efter det s\u00e5 kom hon oftare och ville prata med Lena.<\/p>\n\n<p>Mycket av det som hon ber\u00e4ttade stannade mellan Lena och henne men jag fick en beskrivning av hur Solveig hade det och vad som hon beh\u00f6vde f\u00e5 ordning p\u00e5.<\/p>\n\n<p>Sedan kom d\u00e5 dagen med mitt f\u00f6rsta m\u00f6te med Kjell, eller Kjelle som han kallade sig. Raka motsatsen till Solveig. Syntes och h\u00f6rdes, talade g\u00e4rna om f\u00f6r alla vad han tyckte och t\u00e4nkte.<\/p>\n\n<p>\u201dVem \u00e4r din tjej d\u00e5\u201d, fr\u00e5gade jag. \u201dSollan, hon skall vara h\u00e4r\u201d, blev svaret. \u201dJaha, det s\u00e4ger du hur vet du det?\u201d Detta f\u00f6ljdes av en l\u00e5ng harang som kan sammanfattas med att jag inte hade med det att g\u00f6ra och det var bara att leverera fram henne. Nu var Solveig inte d\u00e4r den dagen tack och lov.<\/p>\n\n<p>\u201dVill du ha en kopp kaffe och en macka\u201d tyckte jag var ett bra svar.<\/p>\n\n<p>Till min f\u00f6rv\u00e5ning s\u00e5 lugna han ned sig, accepterade erbjudandet och vi satte oss vid ett bord. Det blev ett l\u00e5ngt samtal, mestadels handlade det om hur korkade alla var som inte fattade att han minsann visste b\u00e4st.<\/p>\n\n<p>Men nu och d\u00e5 kunde han blotta sina svagheter och v\u00e4ldigt inlindat be om hj\u00e4lp.<\/p>\n\n<p>Jag f\u00f6rstod n\u00e4r han gick att Solveig inte hade det s\u00e5 l\u00e4tt men att Kjell ocks\u00e5 m\u00e5dde d\u00e5ligt.<\/p>\n\n<p>Hur g\u00f6r jag nu t\u00e4nkte jag. Han fick inte svar p\u00e5 om Solveig fanns hos oss men om han uppt\u00e4ckte det skulle v\u00e5r d\u00f6rr till det h\u00e4r paret st\u00e4ngas. Gode Gud hj\u00e4lp oss att m\u00f6ta dessa m\u00e4nniskor.<\/p>\n\n<p>Solveig syntes inte till p\u00e5 n\u00e5gra veckor men jag visste genom v\u00e5r \u201df\u00e4ltare\u201d Stisse att de h\u00e4ngde ihop och s\u00e5gs p\u00e5 stan tillsammans. Stisse visste att vi ville ha kontakt med dem b\u00e5da s\u00e5 han tyckte att det vore b\u00e4sta om vi b\u00f6rjade bearbeta Kjell att \u00e5terkomma till oss.<\/p>\n\n<p>En dag kom b\u00e5da in till oss. Denna g\u00e5ng varken buller och b\u00e5ng eller att smyga sig in, utan n\u00e5gonting mitt emellan.<\/p>\n\n<p>V\u00e5r kontakt utvecklades enligt modellen tv\u00e5 steg fram\u00e5t och ett steg bak\u00e5t. En sv\u00e5righet var att Kjell g\u00e4rna ville leda samtalen och Solveig vart tyst. Detta blev b\u00e4ttre n\u00e4r Lena en dag tog med Solveig att hj\u00e4lpa till och handla fikabr\u00f6d. Efter flera fikabr\u00f6dsink\u00f6p blev det naturligt att jag pratade med Kjell och Lena med Solveig och ibland tillsammans alla fyra.<\/p>\n\n<p>Med tiden var paret oftare hos oss och \u00e4ven fast missbruket fanns d\u00e4r s\u00e5 kunde vi m\u00f6ta varandra p\u00e5 ett bra s\u00e4tt.<\/p>\n\n<p>Till sist tyckte jag att det var dags att st\u00e4lla fr\u00e5gan. \u201dKan ni t\u00e4nka er att komma till v\u00e5rt st\u00f6dboende H\u00f6rnstenen i M\u00e4rsta? I s\u00e5 fall kan vi ordna plats nu\u201d<\/p>\n\n<p>Tidigare hade det inte varit l\u00e4ge att ta upp det konkret fast jag hade ber\u00e4ttat om H\u00f6rnstenen och hur bra det skulle vara att komma i v\u00e4g. Men man hade varit tydligt med att de skulle f\u00e5 ordning p\u00e5 detta p\u00e5 hemmaplan.<\/p>\n\n<p>Tydligen var nu tiden inne, f\u00f6r b\u00e5da var helt med p\u00e5 att \u00e5ka.<\/p>\n\n<p>De tog kontakt med sina handl\u00e4ggare p\u00e5 beroende-enheten och ans\u00f6kte om att f\u00e5 komma till oss som ett par. Efter en del samtal s\u00e5 blev de beviljade plats.<\/p>\n\n<p>Med deras kommunen har LP Kamrat, som driver H\u00f6rnstenen ramavtal s\u00e5 det l\u00f6ste sig fort.<\/p>\n\n<p>I dagarna s\u00e5 \u00e4r det ett \u00e5r sedan Kjell dundrade in. Det var en l\u00e5ng uppf\u00f6rsbacke att komma fram till ett beslut att bryta det destruktiva livet och satsa p\u00e5 ett fungerande liv tillsammans f\u00f6r paret.<\/p>\n\n<p>Nu handlar det till st\u00f6rsta delen om att det nya livet stabiliseras och att planering fram\u00e5t \u00e4r l\u00e5ngsiktig och h\u00e5llbar.<\/p>\n\t\t\t\t\t\t\t\t<\/div>\n\t\t\t\t<\/div>\n\t\t\t\t\t<\/div>\n\t\t\t\t<\/div>\n\t\t<div class=\"elementor-element elementor-element-5e25265 e-flex e-con-boxed e-con e-parent\" data-id=\"5e25265\" data-element_type=\"container\" data-e-type=\"container\">\n\t\t\t\t\t<div class=\"e-con-inner\">\n\t\t\t\t<div class=\"elementor-element elementor-element-cdf5dc2 elementor-widget elementor-widget-spacer\" data-id=\"cdf5dc2\" data-element_type=\"widget\" data-e-type=\"widget\" data-widget_type=\"spacer.default\">\n\t\t\t\t<div class=\"elementor-widget-container\">\n\t\t\t\t\t\t\t<div class=\"elementor-spacer\">\n\t\t\t<div class=\"elementor-spacer-inner\"><\/div>\n\t\t<\/div>\n\t\t\t\t\t\t<\/div>\n\t\t\t\t<\/div>\n\t\t\t\t\t<\/div>\n\t\t\t\t<\/div>\n\t\t\t\t<\/div>\n\t\t","protected":false},"excerpt":{"rendered":"<p>Mitt f\u00f6rsta m\u00f6te med Kjell var ljudligt. Var \u00e4r den d\u00e4r.. halleluja pr\u00e4sten?Ni skall ge.. i min tjej? Skrek han innan han hade hunnit innanf\u00f6r d\u00f6rren. Det var naturligtvis kryddat med s\u00e5 m\u00e5nga svordomar han kunde f\u00e5 ur sig p\u00e5 de korta meningarna. Hans tjej som han letade efter hos oss p\u00e5 LP Kamrat, \u201dM\u00f6tesplatsen\u201d&hellip;<\/p>\n","protected":false},"author":5,"featured_media":0,"parent":0,"menu_order":0,"comment_status":"closed","ping_status":"closed","template":"","meta":{"footnotes":""},"class_list":["post-13243","page","type-page","status-publish","hentry"],"aioseo_notices":[],"_links":{"self":[{"href":"https:\/\/lpkamrat.se\/wordpress\/wp-json\/wp\/v2\/pages\/13243","targetHints":{"allow":["GET"]}}],"collection":[{"href":"https:\/\/lpkamrat.se\/wordpress\/wp-json\/wp\/v2\/pages"}],"about":[{"href":"https:\/\/lpkamrat.se\/wordpress\/wp-json\/wp\/v2\/types\/page"}],"author":[{"embeddable":true,"href":"https:\/\/lpkamrat.se\/wordpress\/wp-json\/wp\/v2\/users\/5"}],"replies":[{"embeddable":true,"href":"https:\/\/lpkamrat.se\/wordpress\/wp-json\/wp\/v2\/comments?post=13243"}],"version-history":[{"count":0,"href":"https:\/\/lpkamrat.se\/wordpress\/wp-json\/wp\/v2\/pages\/13243\/revisions"}],"wp:attachment":[{"href":"https:\/\/lpkamrat.se\/wordpress\/wp-json\/wp\/v2\/media?parent=13243"}],"curies":[{"name":"wp","href":"https:\/\/api.w.org\/{rel}","templated":true}]}}