{"id":13232,"date":"2025-05-11T16:52:24","date_gmt":"2025-05-11T14:52:24","guid":{"rendered":"https:\/\/lpkamrat.se\/wordpress\/?page_id=13232"},"modified":"2025-12-23T18:05:20","modified_gmt":"2025-12-23T17:05:20","slug":"det-ar-val-inget-fangelse-eller","status":"publish","type":"page","link":"https:\/\/lpkamrat.se\/wordpress\/det-ar-val-inget-fangelse-eller\/","title":{"rendered":"Det \u00e4r v\u00e4l inget f\u00e4ngelse eller?"},"content":{"rendered":"\t\t<div data-elementor-type=\"wp-page\" data-elementor-id=\"13232\" class=\"elementor elementor-13232\" data-elementor-post-type=\"page\">\n\t\t\t\t<div class=\"elementor-element elementor-element-57b33292 e-flex e-con-boxed e-con e-parent\" data-id=\"57b33292\" data-element_type=\"container\" data-e-type=\"container\" data-settings=\"{&quot;background_background&quot;:&quot;classic&quot;}\">\n\t\t\t\t\t<div class=\"e-con-inner\">\n\t\t\t\t<div class=\"elementor-element elementor-element-7fff5496 elementor-widget__width-initial elementor-widget-mobile__width-initial elementor-widget elementor-widget-text-editor\" data-id=\"7fff5496\" data-element_type=\"widget\" data-e-type=\"widget\" data-widget_type=\"text-editor.default\">\n\t\t\t\t<div class=\"elementor-widget-container\">\n\t\t\t\t\t\t\t\t\t\n<h3>\u201dNu skiter jag i det h\u00e4r, nu \u00e5ker jag, ni \u00e4r ju helt dumma i huvudet\u201d.<\/h3>\n\n<p>Dag ett som Eva kom s\u00e5 fick vi h\u00f6ra, \u201dEtt fantastiskt st\u00e4lle h\u00e4r vill jag alltid vara\u201d.<br \/><br \/>Dag 2 l\u00e4t det annorlunda, \u201dVa, f\u00e5r man inte g\u00e5 ut sj\u00e4lv, det \u00e4r v\u00e4l inget f\u00e4ngelse heller\u201d. \u201dNej, man f\u00e5r vara inne den f\u00f6rsta veckan och bara g\u00e5 ut tillsammans med personal eller n\u00e5gon boende som har varit med l\u00e4ngre\u201d svarade jag.<br \/><br \/>Dag 3. \u201dJag m\u00e5ste ta tag i det d\u00e4r med r\u00e4kningarna och kontakten med min son, Kan han komma och h\u00e4lsa p\u00e5 i helgen\u201d \u201dNu f\u00e5r du ge dig lite grann, en bit i taget. Det d\u00e4r \u00e4r inte aktuellt, nu du m\u00e5ste stanna upp och ta en dag i taget\u201d svarade Jag.<br \/><br \/>Och s\u00e5 var det ju d\u00e5 dag 4 med \u201dNu skiter jag i det h\u00e4r, nu \u00e5ker jag, ni \u00e4r ju helt dumma i huvudet\u201d.<\/p>\n\n<p>Dagar kommer och g\u00e5r, n\u00e5gra riktigt jobbiga och n\u00e5gra idel solsken men de flesta \u00e4r t\u00e4mligen ordin\u00e4ra dagar i Evas liv.<\/p>\n\n<p>Det var d\u00e5. Nu \u00e4r det 227 dagar sedan Eva kom, nu \u00e4r det inte s\u00e5 mycket h\u00f6ga berg och djupa dalar.<br \/>Eva har landat och har f\u00e5tt ordning p\u00e5 det mest element\u00e4ra, passa tider, h\u00e5lla avtal, planeringar blir b\u00e4ttre och mer realistiska. Hon har haft sonen p\u00e5 bes\u00f6k n\u00e5gra g\u00e5nger. Det finns en p\u00e5g\u00e5ende somatisk utredning.<br \/><br \/>Tankar finns om att l\u00e4sa in n\u00e5gra kurser f\u00f6r att senare kunna s\u00f6ka ett eftertraktat jobb. M\u00e5nga samtal om det som varit, med b\u00e5de skuld och skam. Men ocks\u00e5 samtal om framtiden och att Eva faktiskt kan p\u00e5verka den sj\u00e4lv.<br \/>Och n\u00e4r det g\u00e4ller hennes framtid och hur det skall fungera fram\u00f6ver s\u00e5 k\u00e4ndes det bra att f\u00e5 prata om att g\u00e5 vidare till Oxford House.<\/p>\n\n<p>Efter man har varit p\u00e5 v\u00e5rt st\u00f6dboende i ett antal m\u00e5nader och det b\u00f6rjar fungera s\u00e5 kan vi b\u00f6rja att titta p\u00e5 utslussning.<br \/>Utslussning \u00e4r s\u00e5 mycket mera \u00e4n bara en l\u00e4genhet och n\u00e5gon syssels\u00e4ttning. Det \u00e4r en helhet d\u00e4r det m\u00e5ste finnas syssels\u00e4ttning med ett bra boende, en god gemenskap, nya berikande intressen s\u00e5 det nya levnadss\u00e4ttet f\u00f6r att kunna fungera blir stabilt, helt enkelt blir mitt liv.<br \/>Detta g\u00e5r inte i en handv\u00e4ndning, i m\u00e5nga \u00e5r s\u00e5 har man skolats in i missbruk, kriminalitet och i utanf\u00f6rskap.<br \/>Det g\u00e5r inte att skola om p\u00e5 3 m\u00e5nader, man kanske l\u00e4r sig hur man ska bete sig p\u00e5 det boende, rehabiliterings st\u00e4lle eller st\u00f6dboende som man \u00e4r p\u00e5. Det faller v\u00e4ldigt snabbt bort n\u00e4r man kommer hem till den gamla milj\u00f6n, den gamla l\u00e4genheten och de gamla kompisarna.<\/p>\n\n<p>Vad \u00e4r d\u00e5 Oxford House kanske du t\u00e4nker? L\u00e5t mig f\u00f6rst s\u00e4ga vad det inte \u00e4r. Det \u00e4r inte ett behandlingshem eller kollektivboende \u00e4ven om det finns delar av detta som kan uppfattas s\u00e5.<br \/>L\u00e4ttast \u00e4r att beskriva det som ett kollektivboende med st\u00f6d av personal d\u00e5 behov av detta uppst\u00e5r. Tex den personal som jobbar p\u00e5 st\u00f6dboendet som man varit p\u00e5.<br \/>Man bor tillsammans i en grupp om 3 \u2013 5 personer beroende av lokaliteterna. Tillsammans har man ansvar f\u00f6r ekonomin, mat hyra el mm, och att det h\u00e5lls efter i boendet.<br \/>Det \u00e4r demokratiskt drivet, en person en r\u00f6st. M\u00e5nga av de boende har syssels\u00e4ttning, arbete\/studier utanf\u00f6r boendet.<br \/>Det finns tillg\u00e5ng till personal som kommer vid behov. Om det b\u00f6rjar knaka f\u00f6r n\u00e5gon s\u00e5 ligger det p\u00e5 gruppen att f\u00f6rs\u00f6ka att styra upp det i samr\u00e5d med personal. Om det inte g\u00e5r s\u00e5 kan det vara m\u00f6jligt att f\u00f6r ett tag vara p\u00e5 st\u00f6dboendet f\u00f6r att komma igen. Detta beslutas av st\u00f6dboendet.<br \/>Innan man kommer till OH har man i de allra flesta fall varit p\u00e5 st\u00f6dboende. det viktiga \u00e4r att man \u00e4r s\u00e5 stabilt att man klarar det mesta sj\u00e4lv.<br \/>Den hj\u00e4lp som erbjuds av personal \u00e4r tex samtal\/sj\u00e4lav\u00e5rd, hj\u00e4lp att f\u00e5 ordning p\u00e5 ekonomin mm. Till st\u00f6rsta delen \u00e4r det en sj\u00e4lv som styr det nya livet tillsammans med de som finns omkring mig. Personer som liksom jag vill ha ett fungerande och gott liv. Kom som du \u00e4r s\u00e5 skall vi hj\u00e4lpas \u00e5t att du blir som du ska, och vill..<\/p>\n\t\t\t\t\t\t\t\t<\/div>\n\t\t\t\t<\/div>\n\t\t\t\t\t<\/div>\n\t\t\t\t<\/div>\n\t\t\t\t<\/div>\n\t\t","protected":false},"excerpt":{"rendered":"<p>\u201dNu skiter jag i det h\u00e4r, nu \u00e5ker jag, ni \u00e4r ju helt dumma i huvudet\u201d. Dag ett som Eva kom s\u00e5 fick vi h\u00f6ra, \u201dEtt fantastiskt st\u00e4lle h\u00e4r vill jag alltid vara\u201d. Dag 2 l\u00e4t det annorlunda, \u201dVa, f\u00e5r man inte g\u00e5 ut sj\u00e4lv, det \u00e4r v\u00e4l inget f\u00e4ngelse heller\u201d. \u201dNej, man f\u00e5r vara&hellip;<\/p>\n","protected":false},"author":5,"featured_media":0,"parent":0,"menu_order":0,"comment_status":"closed","ping_status":"closed","template":"","meta":{"footnotes":""},"class_list":["post-13232","page","type-page","status-publish","hentry"],"aioseo_notices":[],"_links":{"self":[{"href":"https:\/\/lpkamrat.se\/wordpress\/wp-json\/wp\/v2\/pages\/13232","targetHints":{"allow":["GET"]}}],"collection":[{"href":"https:\/\/lpkamrat.se\/wordpress\/wp-json\/wp\/v2\/pages"}],"about":[{"href":"https:\/\/lpkamrat.se\/wordpress\/wp-json\/wp\/v2\/types\/page"}],"author":[{"embeddable":true,"href":"https:\/\/lpkamrat.se\/wordpress\/wp-json\/wp\/v2\/users\/5"}],"replies":[{"embeddable":true,"href":"https:\/\/lpkamrat.se\/wordpress\/wp-json\/wp\/v2\/comments?post=13232"}],"version-history":[{"count":0,"href":"https:\/\/lpkamrat.se\/wordpress\/wp-json\/wp\/v2\/pages\/13232\/revisions"}],"wp:attachment":[{"href":"https:\/\/lpkamrat.se\/wordpress\/wp-json\/wp\/v2\/media?parent=13232"}],"curies":[{"name":"wp","href":"https:\/\/api.w.org\/{rel}","templated":true}]}}